{"id":32899,"date":"2025-05-02T00:00:00","date_gmt":"2025-05-02T00:00:00","guid":{"rendered":"https:\/\/macatobiano.org\/publicaciones\/hito-historico-por-primera-vez-se-liberaran-ejemplares-de-maca-tobiano-nacidos-y-criados-en-cautiverio\/"},"modified":"2025-09-19T23:22:52","modified_gmt":"2025-09-19T23:22:52","slug":"hito-historico-por-primera-vez-se-liberaran-ejemplares-de-maca-tobiano-nacidos-y-criados-en-cautiverio","status":"publish","type":"publicaciones","link":"https:\/\/macatobiano.org\/es\/publicacion\/hito-historico-por-primera-vez-se-liberaran-ejemplares-de-maca-tobiano-nacidos-y-criados-en-cautiverio\/","title":{"rendered":"Hito hist\u00f3rico: Por primera vez se liberar\u00e1n ejemplares de Mac\u00e1 Tobiano nacidos y criados en cautiverio"},"content":{"rendered":"","protected":false},"featured_media":31291,"template":"","categoria-publicacion":[271],"class_list":["post-32899","publicaciones","type-publicaciones","status-publish","has-post-thumbnail","hentry","categoria-publicacion-en-los-medios"],"yoast_head":"<!-- This site is optimized with the Yoast SEO plugin v27.5 - https:\/\/yoast.com\/product\/yoast-seo-wordpress\/ -->\n<title>Hito hist\u00f3rico: Por primera vez se liberar\u00e1n ejemplares de Mac\u00e1 Tobiano nacidos y criados en cautiverio<\/title>\n<meta name=\"robots\" content=\"index, follow, max-snippet:-1, max-image-preview:large, max-video-preview:-1\" \/>\n<link rel=\"canonical\" href=\"https:\/\/macatobiano.org\/es\/publicacion\/hito-historico-por-primera-vez-se-liberaran-ejemplares-de-maca-tobiano-nacidos-y-criados-en-cautiverio\/\" \/>\n<meta property=\"og:locale\" content=\"es_ES\" \/>\n<meta property=\"og:type\" content=\"article\" \/>\n<meta property=\"og:title\" content=\"Hito hist\u00f3rico: Por primera vez se liberar\u00e1n ejemplares de Mac\u00e1 Tobiano nacidos y criados en cautiverio\" \/>\n<meta property=\"og:url\" content=\"https:\/\/macatobiano.org\/es\/publicacion\/hito-historico-por-primera-vez-se-liberaran-ejemplares-de-maca-tobiano-nacidos-y-criados-en-cautiverio\/\" \/>\n<meta property=\"og:site_name\" content=\"Fundaci\u00f3n Mac\u00e1 Tobiano\" \/>\n<meta property=\"article:publisher\" content=\"https:\/\/www.facebook.com\/fundacionmacatobiano\" \/>\n<meta property=\"article:modified_time\" content=\"2025-09-19T23:22:52+00:00\" \/>\n<meta property=\"og:image\" content=\"https:\/\/macatobiano.org\/wp-content\/uploads\/2025\/07\/newMedios154-25-05-02-Gonzalo-Pardo.webp\" \/>\n\t<meta property=\"og:image:width\" content=\"800\" \/>\n\t<meta property=\"og:image:height\" content=\"533\" \/>\n\t<meta property=\"og:image:type\" content=\"image\/webp\" \/>\n<meta name=\"twitter:card\" content=\"summary_large_image\" \/>\n<meta name=\"twitter:site\" content=\"@macatobiano_org\" \/>\n<meta name=\"twitter:label1\" content=\"Tiempo de lectura\" \/>\n\t<meta name=\"twitter:data1\" content=\"1 minuto\" \/>\n<script type=\"application\/ld+json\" class=\"yoast-schema-graph\">{\"@context\":\"https:\\\/\\\/schema.org\",\"@graph\":[{\"@type\":\"WebPage\",\"@id\":\"https:\\\/\\\/macatobiano.org\\\/es\\\/publicacion\\\/hito-historico-por-primera-vez-se-liberaran-ejemplares-de-maca-tobiano-nacidos-y-criados-en-cautiverio\\\/\",\"url\":\"https:\\\/\\\/macatobiano.org\\\/es\\\/publicacion\\\/hito-historico-por-primera-vez-se-liberaran-ejemplares-de-maca-tobiano-nacidos-y-criados-en-cautiverio\\\/\",\"name\":\"Hito hist\u00f3rico: Por primera vez se liberar\u00e1n ejemplares de Mac\u00e1 Tobiano nacidos y criados en cautiverio\",\"isPartOf\":{\"@id\":\"https:\\\/\\\/macatobiano.org\\\/es\\\/#website\"},\"primaryImageOfPage\":{\"@id\":\"https:\\\/\\\/macatobiano.org\\\/es\\\/publicacion\\\/hito-historico-por-primera-vez-se-liberaran-ejemplares-de-maca-tobiano-nacidos-y-criados-en-cautiverio\\\/#primaryimage\"},\"image\":{\"@id\":\"https:\\\/\\\/macatobiano.org\\\/es\\\/publicacion\\\/hito-historico-por-primera-vez-se-liberaran-ejemplares-de-maca-tobiano-nacidos-y-criados-en-cautiverio\\\/#primaryimage\"},\"thumbnailUrl\":\"https:\\\/\\\/macatobiano.org\\\/wp-content\\\/uploads\\\/2025\\\/07\\\/newMedios154-25-05-02-Gonzalo-Pardo.webp\",\"datePublished\":\"2025-05-02T00:00:00+00:00\",\"dateModified\":\"2025-09-19T23:22:52+00:00\",\"breadcrumb\":{\"@id\":\"https:\\\/\\\/macatobiano.org\\\/es\\\/publicacion\\\/hito-historico-por-primera-vez-se-liberaran-ejemplares-de-maca-tobiano-nacidos-y-criados-en-cautiverio\\\/#breadcrumb\"},\"inLanguage\":\"es\",\"potentialAction\":[{\"@type\":\"ReadAction\",\"target\":[\"https:\\\/\\\/macatobiano.org\\\/es\\\/publicacion\\\/hito-historico-por-primera-vez-se-liberaran-ejemplares-de-maca-tobiano-nacidos-y-criados-en-cautiverio\\\/\"]}]},{\"@type\":\"ImageObject\",\"inLanguage\":\"es\",\"@id\":\"https:\\\/\\\/macatobiano.org\\\/es\\\/publicacion\\\/hito-historico-por-primera-vez-se-liberaran-ejemplares-de-maca-tobiano-nacidos-y-criados-en-cautiverio\\\/#primaryimage\",\"url\":\"https:\\\/\\\/macatobiano.org\\\/wp-content\\\/uploads\\\/2025\\\/07\\\/newMedios154-25-05-02-Gonzalo-Pardo.webp\",\"contentUrl\":\"https:\\\/\\\/macatobiano.org\\\/wp-content\\\/uploads\\\/2025\\\/07\\\/newMedios154-25-05-02-Gonzalo-Pardo.webp\",\"width\":800,\"height\":533,\"caption\":\"Gonzalo Pardo\"},{\"@type\":\"BreadcrumbList\",\"@id\":\"https:\\\/\\\/macatobiano.org\\\/es\\\/publicacion\\\/hito-historico-por-primera-vez-se-liberaran-ejemplares-de-maca-tobiano-nacidos-y-criados-en-cautiverio\\\/#breadcrumb\",\"itemListElement\":[{\"@type\":\"ListItem\",\"position\":1,\"name\":\"Portada\",\"item\":\"https:\\\/\\\/macatobiano.org\\\/es\\\/\"},{\"@type\":\"ListItem\",\"position\":2,\"name\":\"Publicaciones\",\"item\":\"https:\\\/\\\/macatobiano.org\\\/es\\\/publicacion\\\/\"},{\"@type\":\"ListItem\",\"position\":3,\"name\":\"Hito hist\u00f3rico: Por primera vez se liberar\u00e1n ejemplares de Mac\u00e1 Tobiano nacidos y criados en cautiverio\"}]},{\"@type\":\"WebSite\",\"@id\":\"https:\\\/\\\/macatobiano.org\\\/es\\\/#website\",\"url\":\"https:\\\/\\\/macatobiano.org\\\/es\\\/\",\"name\":\"Fundaci\u00f3n Mac\u00e1 Tobiano\",\"description\":\"Somos la Fundaci\u00f3n Mac\u00e1 Tobiano. Trabajamos para la conservaci\u00f3n de la biodiversidad patag\u00f3nica Argentina.\",\"publisher\":{\"@id\":\"https:\\\/\\\/macatobiano.org\\\/es\\\/#organization\"},\"alternateName\":\"Fundaci\u00f3n Mac\u00e1 Tobiano\",\"potentialAction\":[{\"@type\":\"SearchAction\",\"target\":{\"@type\":\"EntryPoint\",\"urlTemplate\":\"https:\\\/\\\/macatobiano.org\\\/es\\\/?s={search_term_string}\"},\"query-input\":{\"@type\":\"PropertyValueSpecification\",\"valueRequired\":true,\"valueName\":\"search_term_string\"}}],\"inLanguage\":\"es\"},{\"@type\":\"Organization\",\"@id\":\"https:\\\/\\\/macatobiano.org\\\/es\\\/#organization\",\"name\":\"Fundaci\u00f3n Mac\u00e1 Tobiano\",\"alternateName\":\"Fundaci\u00f3n Mac\u00e1 Tobiano\",\"url\":\"https:\\\/\\\/macatobiano.org\\\/es\\\/\",\"logo\":{\"@type\":\"ImageObject\",\"inLanguage\":\"es\",\"@id\":\"https:\\\/\\\/macatobiano.org\\\/es\\\/#\\\/schema\\\/logo\\\/image\\\/\",\"url\":\"https:\\\/\\\/macatobiano.org\\\/wp-content\\\/uploads\\\/2025\\\/07\\\/Flavicon-fmt.png\",\"contentUrl\":\"https:\\\/\\\/macatobiano.org\\\/wp-content\\\/uploads\\\/2025\\\/07\\\/Flavicon-fmt.png\",\"width\":512,\"height\":513,\"caption\":\"Fundaci\u00f3n Mac\u00e1 Tobiano\"},\"image\":{\"@id\":\"https:\\\/\\\/macatobiano.org\\\/es\\\/#\\\/schema\\\/logo\\\/image\\\/\"},\"sameAs\":[\"https:\\\/\\\/www.facebook.com\\\/fundacionmacatobiano\",\"https:\\\/\\\/x.com\\\/macatobiano_org\",\"https:\\\/\\\/www.instagram.com\\\/fundacionmacatobiano\",\"https:\\\/\\\/www.youtube.com\\\/@fundacionmacatobiano\"]}]}<\/script>\n<!-- \/ Yoast SEO plugin. -->","yoast_head_json":{"title":"Hito hist\u00f3rico: Por primera vez se liberar\u00e1n ejemplares de Mac\u00e1 Tobiano nacidos y criados en cautiverio","robots":{"index":"index","follow":"follow","max-snippet":"max-snippet:-1","max-image-preview":"max-image-preview:large","max-video-preview":"max-video-preview:-1"},"canonical":"https:\/\/macatobiano.org\/es\/publicacion\/hito-historico-por-primera-vez-se-liberaran-ejemplares-de-maca-tobiano-nacidos-y-criados-en-cautiverio\/","og_locale":"es_ES","og_type":"article","og_title":"Hito hist\u00f3rico: Por primera vez se liberar\u00e1n ejemplares de Mac\u00e1 Tobiano nacidos y criados en cautiverio","og_url":"https:\/\/macatobiano.org\/es\/publicacion\/hito-historico-por-primera-vez-se-liberaran-ejemplares-de-maca-tobiano-nacidos-y-criados-en-cautiverio\/","og_site_name":"Fundaci\u00f3n Mac\u00e1 Tobiano","article_publisher":"https:\/\/www.facebook.com\/fundacionmacatobiano","article_modified_time":"2025-09-19T23:22:52+00:00","og_image":[{"width":800,"height":533,"url":"https:\/\/macatobiano.org\/wp-content\/uploads\/2025\/07\/newMedios154-25-05-02-Gonzalo-Pardo.webp","type":"image\/webp"}],"twitter_card":"summary_large_image","twitter_site":"@macatobiano_org","twitter_misc":{"Tiempo de lectura":"1 minuto"},"schema":{"@context":"https:\/\/schema.org","@graph":[{"@type":"WebPage","@id":"https:\/\/macatobiano.org\/es\/publicacion\/hito-historico-por-primera-vez-se-liberaran-ejemplares-de-maca-tobiano-nacidos-y-criados-en-cautiverio\/","url":"https:\/\/macatobiano.org\/es\/publicacion\/hito-historico-por-primera-vez-se-liberaran-ejemplares-de-maca-tobiano-nacidos-y-criados-en-cautiverio\/","name":"Hito hist\u00f3rico: Por primera vez se liberar\u00e1n ejemplares de Mac\u00e1 Tobiano nacidos y criados en cautiverio","isPartOf":{"@id":"https:\/\/macatobiano.org\/es\/#website"},"primaryImageOfPage":{"@id":"https:\/\/macatobiano.org\/es\/publicacion\/hito-historico-por-primera-vez-se-liberaran-ejemplares-de-maca-tobiano-nacidos-y-criados-en-cautiverio\/#primaryimage"},"image":{"@id":"https:\/\/macatobiano.org\/es\/publicacion\/hito-historico-por-primera-vez-se-liberaran-ejemplares-de-maca-tobiano-nacidos-y-criados-en-cautiverio\/#primaryimage"},"thumbnailUrl":"https:\/\/macatobiano.org\/wp-content\/uploads\/2025\/07\/newMedios154-25-05-02-Gonzalo-Pardo.webp","datePublished":"2025-05-02T00:00:00+00:00","dateModified":"2025-09-19T23:22:52+00:00","breadcrumb":{"@id":"https:\/\/macatobiano.org\/es\/publicacion\/hito-historico-por-primera-vez-se-liberaran-ejemplares-de-maca-tobiano-nacidos-y-criados-en-cautiverio\/#breadcrumb"},"inLanguage":"es","potentialAction":[{"@type":"ReadAction","target":["https:\/\/macatobiano.org\/es\/publicacion\/hito-historico-por-primera-vez-se-liberaran-ejemplares-de-maca-tobiano-nacidos-y-criados-en-cautiverio\/"]}]},{"@type":"ImageObject","inLanguage":"es","@id":"https:\/\/macatobiano.org\/es\/publicacion\/hito-historico-por-primera-vez-se-liberaran-ejemplares-de-maca-tobiano-nacidos-y-criados-en-cautiverio\/#primaryimage","url":"https:\/\/macatobiano.org\/wp-content\/uploads\/2025\/07\/newMedios154-25-05-02-Gonzalo-Pardo.webp","contentUrl":"https:\/\/macatobiano.org\/wp-content\/uploads\/2025\/07\/newMedios154-25-05-02-Gonzalo-Pardo.webp","width":800,"height":533,"caption":"Gonzalo Pardo"},{"@type":"BreadcrumbList","@id":"https:\/\/macatobiano.org\/es\/publicacion\/hito-historico-por-primera-vez-se-liberaran-ejemplares-de-maca-tobiano-nacidos-y-criados-en-cautiverio\/#breadcrumb","itemListElement":[{"@type":"ListItem","position":1,"name":"Portada","item":"https:\/\/macatobiano.org\/es\/"},{"@type":"ListItem","position":2,"name":"Publicaciones","item":"https:\/\/macatobiano.org\/es\/publicacion\/"},{"@type":"ListItem","position":3,"name":"Hito hist\u00f3rico: Por primera vez se liberar\u00e1n ejemplares de Mac\u00e1 Tobiano nacidos y criados en cautiverio"}]},{"@type":"WebSite","@id":"https:\/\/macatobiano.org\/es\/#website","url":"https:\/\/macatobiano.org\/es\/","name":"Fundaci\u00f3n Mac\u00e1 Tobiano","description":"Somos la Fundaci\u00f3n Mac\u00e1 Tobiano. Trabajamos para la conservaci\u00f3n de la biodiversidad patag\u00f3nica Argentina.","publisher":{"@id":"https:\/\/macatobiano.org\/es\/#organization"},"alternateName":"Fundaci\u00f3n Mac\u00e1 Tobiano","potentialAction":[{"@type":"SearchAction","target":{"@type":"EntryPoint","urlTemplate":"https:\/\/macatobiano.org\/es\/?s={search_term_string}"},"query-input":{"@type":"PropertyValueSpecification","valueRequired":true,"valueName":"search_term_string"}}],"inLanguage":"es"},{"@type":"Organization","@id":"https:\/\/macatobiano.org\/es\/#organization","name":"Fundaci\u00f3n Mac\u00e1 Tobiano","alternateName":"Fundaci\u00f3n Mac\u00e1 Tobiano","url":"https:\/\/macatobiano.org\/es\/","logo":{"@type":"ImageObject","inLanguage":"es","@id":"https:\/\/macatobiano.org\/es\/#\/schema\/logo\/image\/","url":"https:\/\/macatobiano.org\/wp-content\/uploads\/2025\/07\/Flavicon-fmt.png","contentUrl":"https:\/\/macatobiano.org\/wp-content\/uploads\/2025\/07\/Flavicon-fmt.png","width":512,"height":513,"caption":"Fundaci\u00f3n Mac\u00e1 Tobiano"},"image":{"@id":"https:\/\/macatobiano.org\/es\/#\/schema\/logo\/image\/"},"sameAs":["https:\/\/www.facebook.com\/fundacionmacatobiano","https:\/\/x.com\/macatobiano_org","https:\/\/www.instagram.com\/fundacionmacatobiano","https:\/\/www.youtube.com\/@fundacionmacatobiano"]}]}},"_links":{"self":[{"href":"https:\/\/macatobiano.org\/es\/wp-json\/wp\/v2\/publicaciones\/32899","targetHints":{"allow":["GET"]}}],"collection":[{"href":"https:\/\/macatobiano.org\/es\/wp-json\/wp\/v2\/publicaciones"}],"about":[{"href":"https:\/\/macatobiano.org\/es\/wp-json\/wp\/v2\/types\/publicaciones"}],"version-history":[{"count":1,"href":"https:\/\/macatobiano.org\/es\/wp-json\/wp\/v2\/publicaciones\/32899\/revisions"}],"predecessor-version":[{"id":36276,"href":"https:\/\/macatobiano.org\/es\/wp-json\/wp\/v2\/publicaciones\/32899\/revisions\/36276"}],"wp:featuredmedia":[{"embeddable":true,"href":"https:\/\/macatobiano.org\/es\/wp-json\/wp\/v2\/media\/31291"}],"wp:attachment":[{"href":"https:\/\/macatobiano.org\/es\/wp-json\/wp\/v2\/media?parent=32899"}],"wp:term":[{"taxonomy":"categoria-publicacion","embeddable":true,"href":"https:\/\/macatobiano.org\/es\/wp-json\/wp\/v2\/categoria-publicacion?post=32899"}],"curies":[{"name":"wp","href":"https:\/\/api.w.org\/{rel}","templated":true}]}}